{"id":4851,"date":"2023-10-05T08:49:21","date_gmt":"2023-10-05T06:49:21","guid":{"rendered":"https:\/\/www.cuinesfernandez.com\/empresa\/"},"modified":"2024-01-08T10:08:42","modified_gmt":"2024-01-08T09:08:42","slug":"empresa","status":"publish","type":"page","link":"https:\/\/www.cuinesfernandez.com\/es\/empresa\/","title":{"rendered":"Empresa"},"content":{"rendered":"\t\t<div data-elementor-type=\"wp-page\" data-elementor-id=\"4851\" class=\"elementor elementor-4851 elementor-26\" data-elementor-post-type=\"page\">\n\t\t\t\t<div class=\"elementor-element elementor-element-e628168 e-con-full e-flex e-con e-parent\" data-id=\"e628168\" data-element_type=\"container\">\n\t\t\t\t<div class=\"elementor-element elementor-element-d73ff1e elementor-invisible elementor-widget elementor-widget-heading\" data-id=\"d73ff1e\" data-element_type=\"widget\" data-settings=\"{&quot;_animation&quot;:&quot;fadeInLeft&quot;}\" data-widget_type=\"heading.default\">\n\t\t\t\t<div class=\"elementor-widget-container\">\n\t\t\t\t\t<h2 class=\"elementor-heading-title elementor-size-default\">ARTESANOS DEL<\/h2>\t\t\t\t<\/div>\n\t\t\t\t<\/div>\n\t\t\t\t<div class=\"elementor-element elementor-element-e64009a elementor-invisible elementor-widget elementor-widget-heading\" data-id=\"e64009a\" data-element_type=\"widget\" data-settings=\"{&quot;_animation&quot;:&quot;fadeInRight&quot;}\" data-widget_type=\"heading.default\">\n\t\t\t\t<div class=\"elementor-widget-container\">\n\t\t\t\t\t<h2 class=\"elementor-heading-title elementor-size-default\">MUEBLE DE COCINA<\/h2>\t\t\t\t<\/div>\n\t\t\t\t<\/div>\n\t\t\t\t<\/div>\n\t\t<div class=\"elementor-element elementor-element-eed3678 e-con-full e-flex e-con e-parent\" data-id=\"eed3678\" data-element_type=\"container\" data-settings=\"{&quot;background_background&quot;:&quot;classic&quot;}\">\n\t\t\t\t<\/div>\n\t\t<div class=\"elementor-element elementor-element-4cfb100 e-con-full e-flex e-con e-parent\" data-id=\"4cfb100\" data-element_type=\"container\">\n\t\t\t\t<div class=\"elementor-element elementor-element-73f9f05 elementor-widget elementor-widget-heading\" data-id=\"73f9f05\" data-element_type=\"widget\" data-widget_type=\"heading.default\">\n\t\t\t\t<div class=\"elementor-widget-container\">\n\t\t\t\t\t<h2 class=\"elementor-heading-title elementor-size-default\">Desde 1966<\/h2>\t\t\t\t<\/div>\n\t\t\t\t<\/div>\n\t\t\t\t<\/div>\n\t\t<div class=\"elementor-element elementor-element-6f7d322 e-con-full e-flex e-con e-parent\" data-id=\"6f7d322\" data-element_type=\"container\">\n\t\t<div class=\"elementor-element elementor-element-e49e66e e-con-full e-flex e-con e-child\" data-id=\"e49e66e\" data-element_type=\"container\" data-settings=\"{&quot;background_background&quot;:&quot;classic&quot;}\">\n\t\t<div class=\"elementor-element elementor-element-59dd6f3 e-con-full e-flex e-con e-child\" data-id=\"59dd6f3\" data-element_type=\"container\" data-settings=\"{&quot;background_background&quot;:&quot;classic&quot;}\">\n\t\t\t\t<div class=\"elementor-element elementor-element-dc1884a elementor-widget__width-initial elementor-widget elementor-widget-heading\" data-id=\"dc1884a\" data-element_type=\"widget\" data-widget_type=\"heading.default\">\n\t\t\t\t<div class=\"elementor-widget-container\">\n\t\t\t\t\t<h2 class=\"elementor-heading-title elementor-size-default\">Cuines Fern\u00e1ndez es una empresa fundada el a\u00f1o 1966 por Joaqu\u00edn Fern\u00e1ndez<\/h2>\t\t\t\t<\/div>\n\t\t\t\t<\/div>\n\t\t\t\t<div class=\"elementor-element elementor-element-bdd8467 elementor-widget elementor-widget-text-editor\" data-id=\"bdd8467\" data-element_type=\"widget\" data-widget_type=\"text-editor.default\">\n\t\t\t\t<div class=\"elementor-widget-container\">\n\t\t\t\t\t\t\t\t\t<p>En sus inicios fue un negocio de carpinter\u00eda tradicional. El fundador supo prever que era necesario dar un paso adelante para mejorar el producto, para orientarlo a satisfacer las necesidades del cliente, cada vez m\u00e1s exigente. Por eso apost\u00f3 por profesionalizar y modernizar su firma, pero consider\u00f3 fundamental conservar el esp\u00edritu artesanal que caracterizaba a la empresa, y que todav\u00eda hoy es uno de los rasgos distintivos de Cocinas Fern\u00e1ndez.<\/p>\n\t\t\t\t\t\t\t\t<\/div>\n\t\t\t\t<\/div>\n\t\t\t\t<\/div>\n\t\t\t\t<\/div>\n\t\t<div class=\"elementor-element elementor-element-e874fac e-con-full elementor-hidden-mobile e-flex e-con e-child\" data-id=\"e874fac\" data-element_type=\"container\" data-settings=\"{&quot;background_background&quot;:&quot;classic&quot;}\">\n\t\t\t\t<\/div>\n\t\t<div class=\"elementor-element elementor-element-0fd466a e-con-full elementor-hidden-desktop elementor-hidden-tablet e-flex e-con e-child\" data-id=\"0fd466a\" data-element_type=\"container\" data-settings=\"{&quot;background_background&quot;:&quot;classic&quot;}\">\n\t\t\t\t<\/div>\n\t\t<div class=\"elementor-element elementor-element-4b33652 e-con-full elementor-hidden-mobile e-flex e-con e-child\" data-id=\"4b33652\" data-element_type=\"container\" data-settings=\"{&quot;background_background&quot;:&quot;classic&quot;}\">\n\t\t\t\t<\/div>\n\t\t<div class=\"elementor-element elementor-element-cddf245 e-con-full e-flex e-con e-child\" data-id=\"cddf245\" data-element_type=\"container\" data-settings=\"{&quot;background_background&quot;:&quot;classic&quot;}\">\n\t\t<div class=\"elementor-element elementor-element-0e513cd e-con-full e-flex e-con e-child\" data-id=\"0e513cd\" data-element_type=\"container\" data-settings=\"{&quot;background_background&quot;:&quot;classic&quot;}\">\n\t\t\t\t<div class=\"elementor-element elementor-element-2d0197d elementor-widget elementor-widget-heading\" data-id=\"2d0197d\" data-element_type=\"widget\" data-widget_type=\"heading.default\">\n\t\t\t\t<div class=\"elementor-widget-container\">\n\t\t\t\t\t<h2 class=\"elementor-heading-title elementor-size-default\">Un servicio completo<\/h2>\t\t\t\t<\/div>\n\t\t\t\t<\/div>\n\t\t\t\t<div class=\"elementor-element elementor-element-2d35c21 elementor-widget elementor-widget-text-editor\" data-id=\"2d35c21\" data-element_type=\"widget\" data-widget_type=\"text-editor.default\">\n\t\t\t\t<div class=\"elementor-widget-container\">\n\t\t\t\t\t\t\t\t\t<p>En Cuines Fern\u00e1ndez ofrecemos un servicio integral para nuestros clientes. Empezando con los proyectos bajo plano y continuando con la instalaci\u00f3n y el posterior servicio post-venta. Nuestra experiencia nos permite ofrecer un producto personalizado y ajustado a los requerimientos de cada usuario.<\/p>\n<p>Los materiales cumplen con cualquier exigencia de: durabilidad, muebles hidrofugados y resistentes al agua; eficiencia, utilizando herrajes de m\u00e1xima calidad; y est\u00e9tica en la l\u00ednea de las \u00faltimas tendencias en el mueble de cocina. Nuestros t\u00e9cnicos tienen la experiencia y la profesionalidad necesaria para asesorarte a lo largo de todo el proceso de creaci\u00f3n, y dar respuesta a cada exigencia, encontrando las soluciones m\u00e1s adecuadas. Gracias a nuestros a\u00f1os de trabajo, sabemos que cada cliente tiene necesidades particulares y ofrecemos una soluci\u00f3n \u00fanica para cada caso. Todo ello con el fin de que puedas disfrutar de una cocina exclusiva e individualizada.<\/p>\n\t\t\t\t\t\t\t\t<\/div>\n\t\t\t\t<\/div>\n\t\t\t\t<\/div>\n\t\t\t\t<\/div>\n\t\t<div class=\"elementor-element elementor-element-3d5fb56 e-con-full elementor-hidden-desktop elementor-hidden-tablet e-flex e-con e-child\" data-id=\"3d5fb56\" data-element_type=\"container\" data-settings=\"{&quot;background_background&quot;:&quot;classic&quot;}\">\n\t\t\t\t<\/div>\n\t\t\t\t<\/div>\n\t\t\t\t<\/div>\n\t\t","protected":false},"excerpt":{"rendered":"<p>ARTESANOS DEL MUEBLE DE COCINA Desde 1966 Cuines Fern\u00e1ndez es una empresa fundada el a\u00f1o 1966 por Joaqu\u00edn Fern\u00e1ndez En sus inicios fue un negocio de carpinter\u00eda tradicional. El fundador supo prever que era necesario dar un paso adelante para mejorar el producto, para orientarlo a satisfacer las necesidades del cliente, cada vez m\u00e1s exigente. [&hellip;]<\/p>\n","protected":false},"author":1,"featured_media":0,"parent":0,"menu_order":0,"comment_status":"closed","ping_status":"closed","template":"","meta":{"_acf_changed":false,"footnotes":""},"class_list":["post-4851","page","type-page","status-publish","hentry"],"acf":[],"yoast_head":"<!-- This site is optimized with the Yoast SEO Premium plugin v26.3 (Yoast SEO v26.7) - https:\/\/yoast.com\/wordpress\/plugins\/seo\/ -->\r\n<title>Empresa - Cuines Fern\u00e1ndez<\/title>\r\n<meta name=\"description\" content=\"Projectem i fabriquem la teva cuina a mida segons les teves necessitats.\" \/>\r\n<meta name=\"robots\" content=\"index, follow, max-snippet:-1, max-image-preview:large, max-video-preview:-1\" \/>\r\n<link rel=\"canonical\" href=\"https:\/\/www.cuinesfernandez.com\/es\/empresa\/\" \/>\r\n<meta property=\"og:locale\" content=\"es_ES\" \/>\r\n<meta property=\"og:type\" content=\"article\" \/>\r\n<meta property=\"og:title\" content=\"Empresa\" \/>\r\n<meta property=\"og:description\" content=\"Projectem i fabriquem la teva cuina a mida segons les teves necessitats.\" \/>\r\n<meta property=\"og:url\" content=\"https:\/\/www.cuinesfernandez.com\/es\/empresa\/\" \/>\r\n<meta property=\"og:site_name\" content=\"Cuines Fern\u00e1ndez\" \/>\r\n<meta property=\"article:publisher\" content=\"https:\/\/www.facebook.com\/cuinesfernandez\" \/>\r\n<meta property=\"article:modified_time\" content=\"2024-01-08T09:08:42+00:00\" \/>\r\n<meta name=\"twitter:card\" content=\"summary_large_image\" \/>\r\n<meta name=\"twitter:label1\" content=\"Est. reading time\" \/>\n\t<meta name=\"twitter:data1\" content=\"2 minutes\" \/>\r\n<script type=\"application\/ld+json\" class=\"yoast-schema-graph\">{\"@context\":\"https:\/\/schema.org\",\"@graph\":[{\"@type\":\"WebPage\",\"@id\":\"https:\/\/www.cuinesfernandez.com\/es\/empresa\/\",\"url\":\"https:\/\/www.cuinesfernandez.com\/es\/empresa\/\",\"name\":\"Empresa - Cuines Fern\u00e1ndez\",\"isPartOf\":{\"@id\":\"https:\/\/www.cuinesfernandez.com\/es\/#website\"},\"datePublished\":\"2023-10-05T06:49:21+00:00\",\"dateModified\":\"2024-01-08T09:08:42+00:00\",\"description\":\"Projectem i fabriquem la teva cuina a mida segons les teves necessitats.\",\"breadcrumb\":{\"@id\":\"https:\/\/www.cuinesfernandez.com\/es\/empresa\/#breadcrumb\"},\"inLanguage\":\"es\",\"potentialAction\":[{\"@type\":\"ReadAction\",\"target\":[\"https:\/\/www.cuinesfernandez.com\/es\/empresa\/\"]}]},{\"@type\":\"BreadcrumbList\",\"@id\":\"https:\/\/www.cuinesfernandez.com\/es\/empresa\/#breadcrumb\",\"itemListElement\":[{\"@type\":\"ListItem\",\"position\":1,\"name\":\"Portada\",\"item\":\"https:\/\/www.cuinesfernandez.com\/es\/\"},{\"@type\":\"ListItem\",\"position\":2,\"name\":\"Empresa\"}]},{\"@type\":\"WebSite\",\"@id\":\"https:\/\/www.cuinesfernandez.com\/es\/#website\",\"url\":\"https:\/\/www.cuinesfernandez.com\/es\/\",\"name\":\"Cuines Fern\u00e1ndez\",\"description\":\"Projectem i fabriquem la teva cuina a mida segons les teves necessitats.\",\"publisher\":{\"@id\":\"https:\/\/www.cuinesfernandez.com\/es\/#organization\"},\"alternateName\":\"Cuines Fernandez\",\"potentialAction\":[{\"@type\":\"SearchAction\",\"target\":{\"@type\":\"EntryPoint\",\"urlTemplate\":\"https:\/\/www.cuinesfernandez.com\/es\/?s={search_term_string}\"},\"query-input\":{\"@type\":\"PropertyValueSpecification\",\"valueRequired\":true,\"valueName\":\"search_term_string\"}}],\"inLanguage\":\"es\"},{\"@type\":\"Organization\",\"@id\":\"https:\/\/www.cuinesfernandez.com\/es\/#organization\",\"name\":\"Cuines Fernandez\",\"alternateName\":\"Cuines Fernandez\",\"url\":\"https:\/\/www.cuinesfernandez.com\/es\/\",\"logo\":{\"@type\":\"ImageObject\",\"inLanguage\":\"es\",\"@id\":\"https:\/\/www.cuinesfernandez.com\/es\/#\/schema\/logo\/image\/\",\"url\":\"https:\/\/www.cuinesfernandez.com\/wp-content\/uploads\/2026\/03\/logo-60.webp\",\"contentUrl\":\"https:\/\/www.cuinesfernandez.com\/wp-content\/uploads\/2026\/03\/logo-60.webp\",\"width\":1572,\"height\":1600,\"caption\":\"Cuines Fernandez\"},\"image\":{\"@id\":\"https:\/\/www.cuinesfernandez.com\/es\/#\/schema\/logo\/image\/\"},\"sameAs\":[\"https:\/\/www.facebook.com\/cuinesfernandez\",\"https:\/\/www.instagram.com\/cuinesfernandez\/\"]}]}<\/script>\r\n<!-- \/ Yoast SEO Premium plugin. -->","yoast_head_json":{"title":"Empresa - Cuines Fern\u00e1ndez","description":"Projectem i fabriquem la teva cuina a mida segons les teves necessitats.","robots":{"index":"index","follow":"follow","max-snippet":"max-snippet:-1","max-image-preview":"max-image-preview:large","max-video-preview":"max-video-preview:-1"},"canonical":"https:\/\/www.cuinesfernandez.com\/es\/empresa\/","og_locale":"es_ES","og_type":"article","og_title":"Empresa","og_description":"Projectem i fabriquem la teva cuina a mida segons les teves necessitats.","og_url":"https:\/\/www.cuinesfernandez.com\/es\/empresa\/","og_site_name":"Cuines Fern\u00e1ndez","article_publisher":"https:\/\/www.facebook.com\/cuinesfernandez","article_modified_time":"2024-01-08T09:08:42+00:00","twitter_card":"summary_large_image","twitter_misc":{"Est. reading time":"2 minutes"},"schema":{"@context":"https:\/\/schema.org","@graph":[{"@type":"WebPage","@id":"https:\/\/www.cuinesfernandez.com\/es\/empresa\/","url":"https:\/\/www.cuinesfernandez.com\/es\/empresa\/","name":"Empresa - Cuines Fern\u00e1ndez","isPartOf":{"@id":"https:\/\/www.cuinesfernandez.com\/es\/#website"},"datePublished":"2023-10-05T06:49:21+00:00","dateModified":"2024-01-08T09:08:42+00:00","description":"Projectem i fabriquem la teva cuina a mida segons les teves necessitats.","breadcrumb":{"@id":"https:\/\/www.cuinesfernandez.com\/es\/empresa\/#breadcrumb"},"inLanguage":"es","potentialAction":[{"@type":"ReadAction","target":["https:\/\/www.cuinesfernandez.com\/es\/empresa\/"]}]},{"@type":"BreadcrumbList","@id":"https:\/\/www.cuinesfernandez.com\/es\/empresa\/#breadcrumb","itemListElement":[{"@type":"ListItem","position":1,"name":"Portada","item":"https:\/\/www.cuinesfernandez.com\/es\/"},{"@type":"ListItem","position":2,"name":"Empresa"}]},{"@type":"WebSite","@id":"https:\/\/www.cuinesfernandez.com\/es\/#website","url":"https:\/\/www.cuinesfernandez.com\/es\/","name":"Cuines Fern\u00e1ndez","description":"Projectem i fabriquem la teva cuina a mida segons les teves necessitats.","publisher":{"@id":"https:\/\/www.cuinesfernandez.com\/es\/#organization"},"alternateName":"Cuines Fernandez","potentialAction":[{"@type":"SearchAction","target":{"@type":"EntryPoint","urlTemplate":"https:\/\/www.cuinesfernandez.com\/es\/?s={search_term_string}"},"query-input":{"@type":"PropertyValueSpecification","valueRequired":true,"valueName":"search_term_string"}}],"inLanguage":"es"},{"@type":"Organization","@id":"https:\/\/www.cuinesfernandez.com\/es\/#organization","name":"Cuines Fernandez","alternateName":"Cuines Fernandez","url":"https:\/\/www.cuinesfernandez.com\/es\/","logo":{"@type":"ImageObject","inLanguage":"es","@id":"https:\/\/www.cuinesfernandez.com\/es\/#\/schema\/logo\/image\/","url":"https:\/\/www.cuinesfernandez.com\/wp-content\/uploads\/2026\/03\/logo-60.webp","contentUrl":"https:\/\/www.cuinesfernandez.com\/wp-content\/uploads\/2026\/03\/logo-60.webp","width":1572,"height":1600,"caption":"Cuines Fernandez"},"image":{"@id":"https:\/\/www.cuinesfernandez.com\/es\/#\/schema\/logo\/image\/"},"sameAs":["https:\/\/www.facebook.com\/cuinesfernandez","https:\/\/www.instagram.com\/cuinesfernandez\/"]}]}},"_links":{"self":[{"href":"https:\/\/www.cuinesfernandez.com\/es\/wp-json\/wp\/v2\/pages\/4851","targetHints":{"allow":["GET"]}}],"collection":[{"href":"https:\/\/www.cuinesfernandez.com\/es\/wp-json\/wp\/v2\/pages"}],"about":[{"href":"https:\/\/www.cuinesfernandez.com\/es\/wp-json\/wp\/v2\/types\/page"}],"author":[{"embeddable":true,"href":"https:\/\/www.cuinesfernandez.com\/es\/wp-json\/wp\/v2\/users\/1"}],"replies":[{"embeddable":true,"href":"https:\/\/www.cuinesfernandez.com\/es\/wp-json\/wp\/v2\/comments?post=4851"}],"version-history":[{"count":9,"href":"https:\/\/www.cuinesfernandez.com\/es\/wp-json\/wp\/v2\/pages\/4851\/revisions"}],"predecessor-version":[{"id":5593,"href":"https:\/\/www.cuinesfernandez.com\/es\/wp-json\/wp\/v2\/pages\/4851\/revisions\/5593"}],"wp:attachment":[{"href":"https:\/\/www.cuinesfernandez.com\/es\/wp-json\/wp\/v2\/media?parent=4851"}],"curies":[{"name":"wp","href":"https:\/\/api.w.org\/{rel}","templated":true}]}}